{"id":25,"date":"2023-08-30T10:50:07","date_gmt":"2023-08-30T13:50:07","guid":{"rendered":"https:\/\/solved.eco.br\/intranet\/?page_id=25"},"modified":"2024-12-20T10:54:44","modified_gmt":"2024-12-20T13:54:44","slug":"ancestralidade","status":"publish","type":"page","link":"https:\/\/solved.eco.br\/intranet\/ancestralidade\/","title":{"rendered":"Cultura e Ancestralidade"},"content":{"rendered":"\t\t<div data-elementor-type=\"wp-page\" data-elementor-id=\"25\" class=\"elementor elementor-25\" data-elementor-post-type=\"page\">\n\t\t\t\t<div class=\"elementor-element elementor-element-7cf97d39 e-con-full e-flex e-con e-parent\" data-id=\"7cf97d39\" data-element_type=\"container\" data-settings=\"{&quot;background_background&quot;:&quot;classic&quot;}\">\n\t\t<div class=\"elementor-element elementor-element-71b0e5b9 e-con-full e-flex e-con e-child\" data-id=\"71b0e5b9\" data-element_type=\"container\" data-settings=\"{&quot;background_background&quot;:&quot;classic&quot;}\">\n\t\t\t\t<div class=\"elementor-element elementor-element-321939a4 elementor-widget elementor-widget-heading\" data-id=\"321939a4\" data-element_type=\"widget\" data-widget_type=\"heading.default\">\n\t\t\t\t<div class=\"elementor-widget-container\">\n\t\t\t<h2 class=\"elementor-heading-title elementor-size-default\">Cultura e Ancestralidade<\/h2>\t\t<\/div>\n\t\t\t\t<\/div>\n\t\t\t\t<div class=\"elementor-element elementor-element-42cc590c elementor-widget elementor-widget-text-editor\" data-id=\"42cc590c\" data-element_type=\"widget\" data-widget_type=\"text-editor.default\">\n\t\t\t\t<div class=\"elementor-widget-container\">\n\t\t\t\t\t\t\t<p><b>O Programa de Cultura e Ancestralidade valoriza as mem\u00f3rias e ra\u00edzes culturais das comunidades amaz\u00f4nicas,<\/b> promovendo o registro das tradi\u00e7\u00f5es locais, em parceria com o Museu da Pessoa, para preservar e compartilhar a sabedoria ancestral.<\/p><p>Al\u00e9m disso, nossa nova iniciativa \u00e9 mapear o calend\u00e1rio cultural das comunidades da Amaz\u00f4nia. Os eventos da sua comunidade s\u00e3o muito importantes para a gente!<\/p>\t\t\t\t\t\t<\/div>\n\t\t\t\t<\/div>\n\t\t\t\t<div class=\"elementor-element elementor-element-28dad1d7 elementor-align-center elementor-widget elementor-widget-button\" data-id=\"28dad1d7\" data-element_type=\"widget\" data-widget_type=\"button.default\">\n\t\t\t\t<div class=\"elementor-widget-container\">\n\t\t\t\t\t\t\t\t<a class=\"elementor-button elementor-button-link elementor-size-lg elementor-animation-grow\" href=\"#body\">\n\t\t\t\t\t\t<span class=\"elementor-button-content-wrapper\">\n\t\t\t\t\t\t\t\t\t<span class=\"elementor-button-text\">Nosso calend\u00e1rio<\/span>\n\t\t\t\t\t<\/span>\n\t\t\t\t\t<\/a>\n\t\t\t\t\t\t<\/div>\n\t\t\t\t<\/div>\n\t\t\t\t<\/div>\n\t\t<div class=\"elementor-element elementor-element-2ac7d2d5 e-con-full e-flex e-con e-child\" data-id=\"2ac7d2d5\" data-element_type=\"container\" data-settings=\"{&quot;background_background&quot;:&quot;classic&quot;}\">\n\t\t\t\t<\/div>\n\t\t\t\t<\/div>\n\t\t<div class=\"elementor-element elementor-element-2a51612b e-con-full e-flex e-con e-parent\" data-id=\"2a51612b\" data-element_type=\"container\" data-settings=\"{&quot;background_background&quot;:&quot;classic&quot;}\">\n\t\t<div class=\"elementor-element elementor-element-5a77b79d e-con-full e-flex e-con e-child\" data-id=\"5a77b79d\" data-element_type=\"container\">\n\t\t\t\t<div class=\"elementor-element elementor-element-3296534 animated-slow elementor-invisible elementor-widget elementor-widget-heading\" data-id=\"3296534\" data-element_type=\"widget\" data-settings=\"{&quot;_animation&quot;:&quot;slideInUp&quot;}\" data-widget_type=\"heading.default\">\n\t\t\t\t<div class=\"elementor-widget-container\">\n\t\t\t<h2 class=\"elementor-heading-title elementor-size-default\">Conte mais sobre o seu evento cultural comunit\u00e1rio para a gente!<\/h2>\t\t<\/div>\n\t\t\t\t<\/div>\n\t\t\t\t<div class=\"elementor-element elementor-element-28a42117 animated-slow elementor-invisible elementor-widget elementor-widget-heading\" data-id=\"28a42117\" data-element_type=\"widget\" data-settings=\"{&quot;_animation&quot;:&quot;slideInUp&quot;}\" data-widget_type=\"heading.default\">\n\t\t\t\t<div class=\"elementor-widget-container\">\n\t\t\t<h2 class=\"elementor-heading-title elementor-size-default\"><b>Por que isso \u00e9 importante?<\/b><br><br>- Para conhecer melhor as datas e os eventos culturais importantes das suas comunidades;<br><br>- Planejar nossas atividades e projetos de forma respeitosa e sens\u00edvel \u00e0s suas necessidades e tradi\u00e7\u00f5es;<br><br>- Fortalecer a nossa parceria e colabora\u00e7\u00e3o com suas comunidades;<br><br>- Contribuir para a preserva\u00e7\u00e3o e valoriza\u00e7\u00e3o da diversidade cultural da Amaz\u00f4nia.<\/h2>\t\t<\/div>\n\t\t\t\t<\/div>\n\t\t\t\t<div class=\"elementor-element elementor-element-54156ba1 elementor-align-left elementor-widget elementor-widget-button\" data-id=\"54156ba1\" data-element_type=\"widget\" data-widget_type=\"button.default\">\n\t\t\t\t<div class=\"elementor-widget-container\">\n\t\t\t\t\t\t\t\t<a class=\"elementor-button elementor-button-link elementor-size-lg elementor-animation-grow\" href=\"https:\/\/forms.gle\/SyqMebaJMas3NDGJA\" target=\"_blank\">\n\t\t\t\t\t\t<span class=\"elementor-button-content-wrapper\">\n\t\t\t\t\t\t\t\t\t<span class=\"elementor-button-text\">Clique Aqui e registre seu evento<\/span>\n\t\t\t\t\t<\/span>\n\t\t\t\t\t<\/a>\n\t\t\t\t\t\t<\/div>\n\t\t\t\t<\/div>\n\t\t\t\t<\/div>\n\t\t<div class=\"elementor-element elementor-element-29911042 e-con-full e-flex e-con e-child\" data-id=\"29911042\" data-element_type=\"container\">\n\t\t\t\t<div class=\"elementor-element elementor-element-4388c291 elementor-widget__width-initial elementor-widget elementor-widget-image\" data-id=\"4388c291\" data-element_type=\"widget\" data-widget_type=\"image.default\">\n\t\t\t\t<div class=\"elementor-widget-container\">\n\t\t\t\t\t\t\t\t\t\t\t\t\t<img decoding=\"async\" src=\"https:\/\/solved.eco.br\/intranet\/wp-content\/uploads\/2023\/08\/2-1.png\" title=\"bg_image_foorter\" alt=\"bg_image_foorter\" loading=\"lazy\" \/>\t\t\t\t\t\t\t\t\t\t\t\t\t<\/div>\n\t\t\t\t<\/div>\n\t\t\t\t<div class=\"elementor-element elementor-element-1e1bd820 elementor-widget__width-initial elementor-widget elementor-widget-image\" data-id=\"1e1bd820\" data-element_type=\"widget\" data-widget_type=\"image.default\">\n\t\t\t\t<div class=\"elementor-widget-container\">\n\t\t\t\t\t\t\t\t\t\t\t\t\t<img decoding=\"async\" src=\"https:\/\/solved.eco.br\/intranet\/wp-content\/uploads\/2023\/08\/povos-500-\u00d7-250-px-500-\u00d7-1000-px-800-\u00d7-1000-px.png\" title=\"homeBackground\" alt=\"homeBackground\" loading=\"lazy\" \/>\t\t\t\t\t\t\t\t\t\t\t\t\t<\/div>\n\t\t\t\t<\/div>\n\t\t\t\t<\/div>\n\t\t\t\t<\/div>\n\t\t<div class=\"elementor-element elementor-element-bb6e307 e-flex e-con-boxed e-con e-parent\" data-id=\"bb6e307\" data-element_type=\"container\">\n\t\t\t\t\t<div class=\"e-con-inner\">\n\t\t\t\t\t<\/div>\n\t\t\t\t<\/div>\n\t\t\t\t<\/div>\n\t\t","protected":false},"excerpt":{"rendered":"<p>Cultura e Ancestralidade O Programa de Cultura e Ancestralidade valoriza as mem\u00f3rias e ra\u00edzes culturais das comunidades amaz\u00f4nicas, promovendo o registro das tradi\u00e7\u00f5es locais, em parceria com o Museu da Pessoa, para preservar e compartilhar a sabedoria ancestral. Al\u00e9m disso, nossa nova iniciativa \u00e9 mapear o calend\u00e1rio cultural das comunidades da Amaz\u00f4nia. Os eventos da [&hellip;]<\/p>\n","protected":false},"author":1,"featured_media":0,"parent":0,"menu_order":0,"comment_status":"closed","ping_status":"closed","template":"","meta":{"inline_featured_image":false,"footnotes":""},"class_list":["post-25","page","type-page","status-publish","hentry"],"_links":{"self":[{"href":"https:\/\/solved.eco.br\/intranet\/wp-json\/wp\/v2\/pages\/25","targetHints":{"allow":["GET"]}}],"collection":[{"href":"https:\/\/solved.eco.br\/intranet\/wp-json\/wp\/v2\/pages"}],"about":[{"href":"https:\/\/solved.eco.br\/intranet\/wp-json\/wp\/v2\/types\/page"}],"author":[{"embeddable":true,"href":"https:\/\/solved.eco.br\/intranet\/wp-json\/wp\/v2\/users\/1"}],"replies":[{"embeddable":true,"href":"https:\/\/solved.eco.br\/intranet\/wp-json\/wp\/v2\/comments?post=25"}],"version-history":[{"count":24,"href":"https:\/\/solved.eco.br\/intranet\/wp-json\/wp\/v2\/pages\/25\/revisions"}],"predecessor-version":[{"id":1122,"href":"https:\/\/solved.eco.br\/intranet\/wp-json\/wp\/v2\/pages\/25\/revisions\/1122"}],"wp:attachment":[{"href":"https:\/\/solved.eco.br\/intranet\/wp-json\/wp\/v2\/media?parent=25"}],"curies":[{"name":"wp","href":"https:\/\/api.w.org\/{rel}","templated":true}]}}